{"id":1745,"date":"2024-12-16T12:45:47","date_gmt":"2024-12-16T11:45:47","guid":{"rendered":"https:\/\/emmanuel-cattier.fr\/?page_id=1745"},"modified":"2026-08-22T19:41:49","modified_gmt":"2026-08-22T17:41:49","slug":"marche-de-noel","status":"publish","type":"page","link":"https:\/\/emmanuel-cattier.fr\/index.php\/marche-de-noel\/","title":{"rendered":"Photos r\u00e9centes"},"content":{"rendered":"\t\t<div data-elementor-type=\"wp-page\" data-elementor-id=\"1745\" class=\"elementor elementor-1745\">\n\t\t\t\t<div class=\"elementor-element elementor-element-1fa3afb6 e-grid e-con-boxed e-con e-parent\" data-id=\"1fa3afb6\" data-element_type=\"container\" data-e-type=\"container\">\n\t\t\t\t\t<div class=\"e-con-inner\">\n\t\t<div class=\"elementor-element elementor-element-14455f68 e-con-full e-flex e-con e-child\" data-id=\"14455f68\" data-element_type=\"container\" data-e-type=\"container\">\n\t\t\t\t<div class=\"elementor-element elementor-element-4610c0cf elementor-widget elementor-widget-text-editor\" data-id=\"4610c0cf\" data-element_type=\"widget\" data-e-type=\"widget\" data-widget_type=\"text-editor.default\">\n\t\t\t\t<div class=\"elementor-widget-container\">\n\t\t\t\t\t\t\t\t\t<p>Photos r\u00e9centes<\/p>\t\t\t\t\t\t\t\t<\/div>\n\t\t\t\t<\/div>\n\t\t\t\t<\/div>\n\t\t\t\t<div class=\"elementor-element elementor-element-6936ac10 elementor-widget elementor-widget-heading\" data-id=\"6936ac10\" data-element_type=\"widget\" data-e-type=\"widget\" data-widget_type=\"heading.default\">\n\t\t\t\t<div class=\"elementor-widget-container\">\n\t\t\t\t\t<h2 class=\"elementor-heading-title elementor-size-default\"><a href=\"https:\/\/emmanuel-cattier.fr\/index.php\/menu\/\">\u0152il et Lumi\u00e8re<\/a><\/h2>\t\t\t\t<\/div>\n\t\t\t\t<\/div>\n\t\t\t\t\t<\/div>\n\t\t\t\t<\/div>\n\t\t<div class=\"elementor-element elementor-element-7751535f e-flex e-con-boxed e-con e-parent\" data-id=\"7751535f\" data-element_type=\"container\" data-e-type=\"container\">\n\t\t\t\t\t<div class=\"e-con-inner\">\n\t\t\t\t<div class=\"elementor-element elementor-element-6267c557 elementor-arrows-position-outside elementor-widget elementor-widget-image-carousel\" data-id=\"6267c557\" data-element_type=\"widget\" data-e-type=\"widget\" data-settings=\"{&quot;slides_to_show&quot;:&quot;1&quot;,&quot;navigation&quot;:&quot;arrows&quot;,&quot;autoplay_speed&quot;:4000,&quot;lazyload&quot;:&quot;yes&quot;,&quot;autoplay&quot;:&quot;yes&quot;,&quot;pause_on_hover&quot;:&quot;yes&quot;,&quot;pause_on_interaction&quot;:&quot;yes&quot;,&quot;infinite&quot;:&quot;yes&quot;,&quot;effect&quot;:&quot;slide&quot;,&quot;speed&quot;:500}\" data-widget_type=\"image-carousel.default\">\n\t\t\t\t<div class=\"elementor-widget-container\">\n\t\t\t\t\t\t\t<div class=\"elementor-image-carousel-wrapper swiper\" role=\"region\" aria-roledescription=\"carousel\" aria-label=\"Carrousel d\u2019images\" dir=\"ltr\">\n\t\t\t<div class=\"elementor-image-carousel swiper-wrapper\" aria-live=\"off\">\n\t\t\t\t\t\t\t\t<div class=\"swiper-slide\" role=\"group\" aria-roledescription=\"slide\" aria-label=\"1 sur 9\"><a data-elementor-open-lightbox=\"yes\" data-elementor-lightbox-slideshow=\"6267c557\" data-elementor-lightbox-title=\"2026-5-27-Papillon-blanc-000813_DxO\" data-e-action-hash=\"#elementor-action%3Aaction%3Dlightbox%26settings%3DeyJpZCI6NzU4MywidXJsIjoiaHR0cHM6XC9cL2VtbWFudWVsLWNhdHRpZXIuZnJcL3dwLWNvbnRlbnRcL3VwbG9hZHNcLzIwMjZcLzA4XC8yMDI2LTUtMjctUGFwaWxsb24tYmxhbmMtMDAwODEzX0R4Ty5qcGciLCJzbGlkZXNob3ciOiI2MjY3YzU1NyJ9\" href=\"https:\/\/emmanuel-cattier.fr\/wp-content\/uploads\/2026\/08\/2026-5-27-Papillon-blanc-000813_DxO.jpg\"><figure class=\"swiper-slide-inner\"><img class=\"swiper-slide-image swiper-lazy\" data-src=\"https:\/\/emmanuel-cattier.fr\/wp-content\/uploads\/elementor\/thumbs\/2026-5-27-Papillon-blanc-000813_DxO-rs9yu24awcokkvx4wrapwccv62i2esvy5t5qmu794w.jpg\" alt=\"\u00a9 All Rights Reserved - - - France, Bourgogne, biodiversit\u00e9 en S\u00e2one-et-Loire - f\/5.6 1\/6400sec ISO-12800 400mm\" \/><div class=\"swiper-lazy-preloader\"><\/div><figcaption class=\"elementor-image-carousel-caption\">\u00a9 All Rights Reserved - - - France, Bourgogne, biodiversit\u00e9 en S\u00e2one-et-Loire - f\/5.6 1\/6400sec ISO-12800 400mm<\/figcaption><\/figure><\/a><\/div><div class=\"swiper-slide\" role=\"group\" aria-roledescription=\"slide\" aria-label=\"2 sur 9\"><a data-elementor-open-lightbox=\"yes\" data-elementor-lightbox-slideshow=\"6267c557\" data-elementor-lightbox-title=\"2026-5-27-Sphinx-000729_DxO\" data-e-action-hash=\"#elementor-action%3Aaction%3Dlightbox%26settings%3DeyJpZCI6NzU4NSwidXJsIjoiaHR0cHM6XC9cL2VtbWFudWVsLWNhdHRpZXIuZnJcL3dwLWNvbnRlbnRcL3VwbG9hZHNcLzIwMjZcLzA4XC8yMDI2LTUtMjctU3BoaW54LTAwMDcyOV9EeE8uanBnIiwic2xpZGVzaG93IjoiNjI2N2M1NTcifQ%3D%3D\" href=\"https:\/\/emmanuel-cattier.fr\/wp-content\/uploads\/2026\/08\/2026-5-27-Sphinx-000729_DxO.jpg\"><figure class=\"swiper-slide-inner\"><img class=\"swiper-slide-image swiper-lazy\" data-src=\"https:\/\/emmanuel-cattier.fr\/wp-content\/uploads\/elementor\/thumbs\/2026-5-27-Sphinx-000729_DxO-rs9yuakulv05hdkujcyd0s80ijcdc2tj6z13ybupkw.jpg\" alt=\"\u00a9 All Rights Reserved - - - France, Bourgogne, biodiversit\u00e9 en S\u00e2one-et-Loire - f\/5.6 1\/1250sec ISO-125 400mm\" \/><div class=\"swiper-lazy-preloader\"><\/div><figcaption class=\"elementor-image-carousel-caption\">\u00a9 All Rights Reserved - - - France, Bourgogne, biodiversit\u00e9 en S\u00e2one-et-Loire - f\/5.6 1\/1250sec ISO-125 400mm<\/figcaption><\/figure><\/a><\/div><div class=\"swiper-slide\" role=\"group\" aria-roledescription=\"slide\" aria-label=\"3 sur 9\"><a data-elementor-open-lightbox=\"yes\" data-elementor-lightbox-slideshow=\"6267c557\" data-elementor-lightbox-title=\"2026-5-27-Sphinx-000730_DxO\" data-e-action-hash=\"#elementor-action%3Aaction%3Dlightbox%26settings%3DeyJpZCI6NzU4NiwidXJsIjoiaHR0cHM6XC9cL2VtbWFudWVsLWNhdHRpZXIuZnJcL3dwLWNvbnRlbnRcL3VwbG9hZHNcLzIwMjZcLzA4XC8yMDI2LTUtMjctU3BoaW54LTAwMDczMF9EeE8uanBnIiwic2xpZGVzaG93IjoiNjI2N2M1NTcifQ%3D%3D\" href=\"https:\/\/emmanuel-cattier.fr\/wp-content\/uploads\/2026\/08\/2026-5-27-Sphinx-000730_DxO.jpg\"><figure class=\"swiper-slide-inner\"><img class=\"swiper-slide-image swiper-lazy\" data-src=\"https:\/\/emmanuel-cattier.fr\/wp-content\/uploads\/elementor\/thumbs\/2026-5-27-Sphinx-000730_DxO-rs9yuded6d40g7gr2w68q9ieaoygz64q7czke5qj28.jpg\" alt=\"\u00a9 All Rights Reserved - - - France, Bourgogne, biodiversit\u00e9 en S\u00e2one-et-Loire - f\/5.6 1\/1250sec ISO-125 400mm\" \/><div class=\"swiper-lazy-preloader\"><\/div><figcaption class=\"elementor-image-carousel-caption\">\u00a9 All Rights Reserved - - - France, Bourgogne, biodiversit\u00e9 en S\u00e2one-et-Loire - f\/5.6 1\/1250sec ISO-125 400mm<\/figcaption><\/figure><\/a><\/div><div class=\"swiper-slide\" role=\"group\" aria-roledescription=\"slide\" aria-label=\"4 sur 9\"><a data-elementor-open-lightbox=\"yes\" data-elementor-lightbox-slideshow=\"6267c557\" data-elementor-lightbox-title=\"2026-5-28-Libellule-000871_DxO\" data-e-action-hash=\"#elementor-action%3Aaction%3Dlightbox%26settings%3DeyJpZCI6NzU4NywidXJsIjoiaHR0cHM6XC9cL2VtbWFudWVsLWNhdHRpZXIuZnJcL3dwLWNvbnRlbnRcL3VwbG9hZHNcLzIwMjZcLzA4XC8yMDI2LTUtMjgtTGliZWxsdWxlLTAwMDg3MV9EeE8uanBnIiwic2xpZGVzaG93IjoiNjI2N2M1NTcifQ%3D%3D\" href=\"https:\/\/emmanuel-cattier.fr\/wp-content\/uploads\/2026\/08\/2026-5-28-Libellule-000871_DxO.jpg\"><figure class=\"swiper-slide-inner\"><img class=\"swiper-slide-image swiper-lazy\" data-src=\"https:\/\/emmanuel-cattier.fr\/wp-content\/uploads\/elementor\/thumbs\/2026-5-28-Libellule-000871_DxO-rs9yug7vqv7vf1cnmfe4fqss2ukkm9fx7qy0tzmcjk.jpg\" alt=\"\u00a9 All Rights Reserved - - - France, Bourgogne, biodiversit\u00e9 en S\u00e2one-et-Loire - f\/5.6 1\/6400sec ISO-5000 340mm\" \/><div class=\"swiper-lazy-preloader\"><\/div><figcaption class=\"elementor-image-carousel-caption\">\u00a9 All Rights Reserved - - - France, Bourgogne, biodiversit\u00e9 en S\u00e2one-et-Loire - f\/5.6 1\/6400sec ISO-5000 340mm<\/figcaption><\/figure><\/a><\/div><div class=\"swiper-slide\" role=\"group\" aria-roledescription=\"slide\" aria-label=\"5 sur 9\"><a data-elementor-open-lightbox=\"yes\" data-elementor-lightbox-slideshow=\"6267c557\" data-elementor-lightbox-title=\"2026-06-02-Stele-Paris-000047\" data-e-action-hash=\"#elementor-action%3Aaction%3Dlightbox%26settings%3DeyJpZCI6NzQ5MSwidXJsIjoiaHR0cHM6XC9cL2VtbWFudWVsLWNhdHRpZXIuZnJcL3dwLWNvbnRlbnRcL3VwbG9hZHNcLzIwMjZcLzA2XC8yMDI2LTA2LTAyLVN0ZWxlLVBhcmlzLTAwMDA0Ny5qcGciLCJzbGlkZXNob3ciOiI2MjY3YzU1NyJ9\" href=\"https:\/\/emmanuel-cattier.fr\/wp-content\/uploads\/2026\/06\/2026-06-02-Stele-Paris-000047.jpg\"><figure class=\"swiper-slide-inner\"><img class=\"swiper-slide-image swiper-lazy\" data-src=\"https:\/\/emmanuel-cattier.fr\/wp-content\/uploads\/elementor\/thumbs\/2026-06-02-Stele-Paris-000047-rokcxof78yngej82jykder3jgg9edc25das6ziw54w.jpg\" alt=\"\u00a9 All Rights Reserved - - - France - Rwanda - Paris - Inauguration de la st\u00e8le pour la m\u00e9moire du g\u00e9nocide des Tutsi - 2 juin 2026\" \/><div class=\"swiper-lazy-preloader\"><\/div><figcaption class=\"elementor-image-carousel-caption\">\u00a9 All Rights Reserved - - - France - Rwanda - Paris - Inauguration de la st\u00e8le pour la m\u00e9moire du g\u00e9nocide des Tutsi - 2 juin 2026<\/figcaption><\/figure><\/a><\/div><div class=\"swiper-slide\" role=\"group\" aria-roledescription=\"slide\" aria-label=\"6 sur 9\"><a data-elementor-open-lightbox=\"yes\" data-elementor-lightbox-slideshow=\"6267c557\" data-elementor-lightbox-title=\"2026-06-02-Stele-Paris-000049\" data-e-action-hash=\"#elementor-action%3Aaction%3Dlightbox%26settings%3DeyJpZCI6NzU0MiwidXJsIjoiaHR0cHM6XC9cL2VtbWFudWVsLWNhdHRpZXIuZnJcL3dwLWNvbnRlbnRcL3VwbG9hZHNcLzIwMjZcLzA2XC8yMDI2LTA2LTAyLVN0ZWxlLVBhcmlzLTAwMDA0OS0xLmpwZyIsInNsaWRlc2hvdyI6IjYyNjdjNTU3In0%3D\" href=\"https:\/\/emmanuel-cattier.fr\/wp-content\/uploads\/2026\/06\/2026-06-02-Stele-Paris-000049-1.jpg\"><figure class=\"swiper-slide-inner\"><img class=\"swiper-slide-image swiper-lazy\" data-src=\"https:\/\/emmanuel-cattier.fr\/wp-content\/uploads\/elementor\/thumbs\/2026-06-02-Stele-Paris-000049-1-rolgyxcgcxm063qbog3y2k49oej7pwpp6tb8g7xukg.jpg\" alt=\"\u00a9 All Rights Reserved - - - France - Rwanda - Paris - Inauguration de la st\u00e8le pour la m\u00e9moire du g\u00e9nocide des Tutsi - 2 juin 2026\" \/><div class=\"swiper-lazy-preloader\"><\/div><figcaption class=\"elementor-image-carousel-caption\">\u00a9 All Rights Reserved - - - France - Rwanda - Paris - Inauguration de la st\u00e8le pour la m\u00e9moire du g\u00e9nocide des Tutsi - 2 juin 2026<\/figcaption><\/figure><\/a><\/div><div class=\"swiper-slide\" role=\"group\" aria-roledescription=\"slide\" aria-label=\"7 sur 9\"><a data-elementor-open-lightbox=\"yes\" data-elementor-lightbox-slideshow=\"6267c557\" data-elementor-lightbox-title=\"2026-06-02-Stele-Paris-000104\" data-e-action-hash=\"#elementor-action%3Aaction%3Dlightbox%26settings%3DeyJpZCI6NzU5MCwidXJsIjoiaHR0cHM6XC9cL2VtbWFudWVsLWNhdHRpZXIuZnJcL3dwLWNvbnRlbnRcL3VwbG9hZHNcLzIwMjZcLzA4XC8yMDI2LTA2LTAyLVN0ZWxlLVBhcmlzLTAwMDEwNC5qcGciLCJzbGlkZXNob3ciOiI2MjY3YzU1NyJ9\" href=\"https:\/\/emmanuel-cattier.fr\/wp-content\/uploads\/2026\/08\/2026-06-02-Stele-Paris-000104.jpg\"><figure class=\"swiper-slide-inner\"><img class=\"swiper-slide-image swiper-lazy\" data-src=\"https:\/\/emmanuel-cattier.fr\/wp-content\/uploads\/elementor\/thumbs\/2026-06-02-Stele-Paris-000104-rs9zxjc9xuq47akqdtmmmdptcnx1p5m3l7jw97nzsw.jpg\" alt=\"\u00a9 All Rights Reserved - - - France - Rwanda - Paris - Inauguration de la st\u00e8le pour la m\u00e9moire du g\u00e9nocide des Tutsi - 2 juin 2026 - f\/4 1\/320sec ISO-160 32mm\" \/><div class=\"swiper-lazy-preloader\"><\/div><figcaption class=\"elementor-image-carousel-caption\">\u00a9 All Rights Reserved - - - France - Rwanda - Paris - Inauguration de la st\u00e8le pour la m\u00e9moire du g\u00e9nocide des Tutsi - 2 juin 2026 - f\/4 1\/320sec ISO-160 32mm<\/figcaption><\/figure><\/a><\/div><div class=\"swiper-slide\" role=\"group\" aria-roledescription=\"slide\" aria-label=\"8 sur 9\"><a data-elementor-open-lightbox=\"yes\" data-elementor-lightbox-slideshow=\"6267c557\" data-elementor-lightbox-title=\"2026-06-02-Stele-Paris-000141\" data-e-action-hash=\"#elementor-action%3Aaction%3Dlightbox%26settings%3DeyJpZCI6NzU2NiwidXJsIjoiaHR0cHM6XC9cL2VtbWFudWVsLWNhdHRpZXIuZnJcL3dwLWNvbnRlbnRcL3VwbG9hZHNcLzIwMjZcLzA2XC8yMDI2LTA2LTAyLVN0ZWxlLVBhcmlzLTAwMDE0MS0yLmpwZyIsInNsaWRlc2hvdyI6IjYyNjdjNTU3In0%3D\" href=\"https:\/\/emmanuel-cattier.fr\/wp-content\/uploads\/2026\/06\/2026-06-02-Stele-Paris-000141-2.jpg\"><figure class=\"swiper-slide-inner\"><img class=\"swiper-slide-image swiper-lazy\" data-src=\"https:\/\/emmanuel-cattier.fr\/wp-content\/uploads\/elementor\/thumbs\/2026-06-02-Stele-Paris-000141-2-rolkyntzfwdhjgy3d2t5uscruk2troc1y8n7cgtl34.jpg\" alt=\"\u00a9 All Rights Reserved - - - France - Rwanda - Paris - Inauguration de la st\u00e8le pour la m\u00e9moire du g\u00e9nocide des Tutsi - 2 juin 2026\" \/><div class=\"swiper-lazy-preloader\"><\/div><figcaption class=\"elementor-image-carousel-caption\">\u00a9 All Rights Reserved - - - France - Rwanda - Paris - Inauguration de la st\u00e8le pour la m\u00e9moire du g\u00e9nocide des Tutsi - 2 juin 2026<\/figcaption><\/figure><\/a><\/div><div class=\"swiper-slide\" role=\"group\" aria-roledescription=\"slide\" aria-label=\"9 sur 9\"><a data-elementor-open-lightbox=\"yes\" data-elementor-lightbox-slideshow=\"6267c557\" data-elementor-lightbox-title=\"2026-8-12-Sigy-eclipse-001247_DxO\" data-e-action-hash=\"#elementor-action%3Aaction%3Dlightbox%26settings%3DeyJpZCI6NzU4OSwidXJsIjoiaHR0cHM6XC9cL2VtbWFudWVsLWNhdHRpZXIuZnJcL3dwLWNvbnRlbnRcL3VwbG9hZHNcLzIwMjZcLzA4XC8yMDI2LTgtMTItU2lneS1lY2xpcHNlLTAwMTI0N19EeE8uanBnIiwic2xpZGVzaG93IjoiNjI2N2M1NTcifQ%3D%3D\" href=\"https:\/\/emmanuel-cattier.fr\/wp-content\/uploads\/2026\/08\/2026-8-12-Sigy-eclipse-001247_DxO.jpg\"><figure class=\"swiper-slide-inner\"><img class=\"swiper-slide-image swiper-lazy\" data-src=\"https:\/\/emmanuel-cattier.fr\/wp-content\/uploads\/elementor\/thumbs\/2026-8-12-Sigy-eclipse-001247_DxO-rs9zufhhckgztp37iza0vnxynt8d96a1htx45a9udc.jpg\" alt=\"\u00a9 All Rights Reserved - - - France, Bourgogne, Eclipse du 12 ao\u00fbt 2026 en S\u00e2one-et-Loire - f\/5.6 1\/250sec ISO-100 400mm\" \/><div class=\"swiper-lazy-preloader\"><\/div><figcaption class=\"elementor-image-carousel-caption\">\u00a9 All Rights Reserved - - - France, Bourgogne, Eclipse du 12 ao\u00fbt 2026 en S\u00e2one-et-Loire - f\/5.6 1\/250sec ISO-100 400mm<\/figcaption><\/figure><\/a><\/div>\t\t\t<\/div>\n\t\t\t\t\t\t\t\t\t\t\t\t<div class=\"elementor-swiper-button elementor-swiper-button-prev\" role=\"button\" tabindex=\"0\">\n\t\t\t\t\t\t<svg aria-hidden=\"true\" class=\"e-font-icon-svg e-eicon-chevron-left\" viewBox=\"0 0 1000 1000\" xmlns=\"http:\/\/www.w3.org\/2000\/svg\"><path d=\"M646 125C629 125 613 133 604 142L308 442C296 454 292 471 292 487 292 504 296 521 308 533L604 854C617 867 629 875 646 875 663 875 679 871 692 858 704 846 713 829 713 812 713 796 708 779 692 767L438 487 692 225C700 217 708 204 708 187 708 171 704 154 692 142 675 129 663 125 646 125Z\"><\/path><\/svg>\t\t\t\t\t<\/div>\n\t\t\t\t\t<div class=\"elementor-swiper-button elementor-swiper-button-next\" role=\"button\" tabindex=\"0\">\n\t\t\t\t\t\t<svg aria-hidden=\"true\" class=\"e-font-icon-svg e-eicon-chevron-right\" viewBox=\"0 0 1000 1000\" xmlns=\"http:\/\/www.w3.org\/2000\/svg\"><path d=\"M696 533C708 521 713 504 713 487 713 471 708 454 696 446L400 146C388 133 375 125 354 125 338 125 325 129 313 142 300 154 292 171 292 187 292 204 296 221 308 233L563 492 304 771C292 783 288 800 288 817 288 833 296 850 308 863 321 871 338 875 354 875 371 875 388 867 400 854L696 533Z\"><\/path><\/svg>\t\t\t\t\t<\/div>\n\t\t\t\t\n\t\t\t\t\t\t\t\t\t<\/div>\n\t\t\t\t\t\t<\/div>\n\t\t\t\t<\/div>\n\t\t\t\t\t<\/div>\n\t\t\t\t<\/div>\n\t\t\t\t<\/div>\n\t\t","protected":false},"excerpt":{"rendered":"<p>Photos r\u00e9centes \u0152il et Lumi\u00e8re \u00a9 All Rights Reserved &#8211; &#8211; &#8211; France, Bourgogne, biodiversit\u00e9 en S\u00e2one-et-Loire &#8211; f\/5.6 1\/6400sec ISO-12800 400mm \u00a9 All Rights Reserved &#8211; &#8211; &#8211; France, Bourgogne, biodiversit\u00e9 en S\u00e2one-et-Loire &#8211; f\/5.6 1\/1250sec ISO-125 400mm \u00a9 All Rights Reserved &#8211; &#8211; &#8211; France, Bourgogne, biodiversit\u00e9 en S\u00e2one-et-Loire &#8211; f\/5.6 1\/1250sec ISO-125&hellip; <a class=\"more-link\" href=\"https:\/\/emmanuel-cattier.fr\/index.php\/marche-de-noel\/\">Poursuivre la lecture <span class=\"screen-reader-text\">Photos r\u00e9centes<\/span><\/a><\/p>\n","protected":false},"author":1,"featured_media":0,"parent":0,"menu_order":0,"comment_status":"closed","ping_status":"closed","template":"elementor_canvas","meta":{"footnotes":""},"class_list":["post-1745","page","type-page","status-publish","hentry","entry"],"_links":{"self":[{"href":"https:\/\/emmanuel-cattier.fr\/index.php\/wp-json\/wp\/v2\/pages\/1745","targetHints":{"allow":["GET"]}}],"collection":[{"href":"https:\/\/emmanuel-cattier.fr\/index.php\/wp-json\/wp\/v2\/pages"}],"about":[{"href":"https:\/\/emmanuel-cattier.fr\/index.php\/wp-json\/wp\/v2\/types\/page"}],"author":[{"embeddable":true,"href":"https:\/\/emmanuel-cattier.fr\/index.php\/wp-json\/wp\/v2\/users\/1"}],"replies":[{"embeddable":true,"href":"https:\/\/emmanuel-cattier.fr\/index.php\/wp-json\/wp\/v2\/comments?post=1745"}],"version-history":[{"count":193,"href":"https:\/\/emmanuel-cattier.fr\/index.php\/wp-json\/wp\/v2\/pages\/1745\/revisions"}],"predecessor-version":[{"id":7605,"href":"https:\/\/emmanuel-cattier.fr\/index.php\/wp-json\/wp\/v2\/pages\/1745\/revisions\/7605"}],"wp:attachment":[{"href":"https:\/\/emmanuel-cattier.fr\/index.php\/wp-json\/wp\/v2\/media?parent=1745"}],"curies":[{"name":"wp","href":"https:\/\/api.w.org\/{rel}","templated":true}]}}